{"id":6296,"date":"2025-01-08T16:01:51","date_gmt":"2025-01-08T15:01:51","guid":{"rendered":"https:\/\/bootlin.com\/fr\/?page_id=6296"},"modified":"2026-04-11T08:41:24","modified_gmt":"2026-04-11T07:41:24","slug":"publique-presentiel","status":"publish","type":"page","link":"https:\/\/bootlin.com\/fr\/formation\/publique-presentiel\/","title":{"rendered":"Sessions publiques en pr\u00e9sentiel"},"content":{"rendered":"<p><img decoding=\"async\" src=\"https:\/\/bootlin.com\/graphics\/flaticon-public-onsite.png\" alt=\"Icon from www.flaticon.com\" width=\"250\" class=\"alignright\" style=\"padding: 1em;\" \/>Bootlin organise une session de formation publique (inter-entreprise) en pr\u00e9sentiel dans ses locaux, ouverte \u00e0 l&rsquo;inscription de participants provenant de diverses soci\u00e9t\u00e9s. Les participants se d\u00e9placent pour la dur\u00e9e de la formation sur le lieu o\u00f9 Bootlin organise et anime la formation.<\/p>\n<p>Durant ces formations en pr\u00e9sentiel, le formateur de Bootlin d\u00e9livre les pr\u00e9sentations et aide les participants \u00e0 r\u00e9aliser des travaux pratiques.<\/p>\n<p>Nous limitons le nombre de participants \u00e0 un maximum de 12 par session de formation, afin de pr\u00e9server un bon niveau d&rsquo;interaction entre les participants et le formateur.<\/p>\n<p>Nos formations en pr\u00e9sentiel sont organis\u00e9es sur plusieurs jours cons\u00e9cutifs (le nombre de jours d\u00e9pend de la formation), la formation ayant lieu chaque jour de 9h \u00e0 18h, avec une pause d\u00e9jeuner incluse, ainsi qu&rsquo;une courte pause le matin, et une courte pause dans l&rsquo;apr\u00e8s-midi.<\/p>\n<p>Le tarif pour nos formations publiques en pr\u00e9sentiel inclut:<\/p>\n<ul>\n<li>Animation de la formation par un formateur Bootlin<\/li>\n<li>Copie \u00e9lectronique des supports de formation<\/li>\n<li>Fourniture par Bootlin d&rsquo;un PC par participant, install\u00e9 avec Linux, pour la dur\u00e9e de la formation, qui seront utilis\u00e9s pour r\u00e9aliser les travaux pratiques<\/li>\n<li>Un kit mat\u00e9riel par participant, incluant une carte ARM embarqu\u00e9e et les accessoires n\u00e9cessaires, fourni pour la dur\u00e9e de la formation<\/li>\n<li>D\u00e9jeuner, et en-cas pour les pauses du matin et de l&rsquo;apr\u00e8s-midi<\/li>\n<\/ul>\n<p>Notre tarif n&rsquo;inclut <b>pas<\/b>: d\u00e9placement jusqu&rsquo;au lieu de la formation, h\u00e9bergement, petit-d\u00e9jeuner et d\u00eener.<\/p>\n<p>Si vous avez un nombre important de participants \u00e0 former (\u00e0 partir de 7-8 participants environ), nos sessions <a href=\"\/fr\/formation\/privee-presentiel\/\">priv\u00e9es sur site<\/a> ou <a href=\"\/fr\/formation\/privee-en-ligne\/\">priv\u00e9es en ligne<\/a> offrent plus de flexibilit\u00e9, une tarification plus int\u00e9ressante, et la possibilit\u00e9 de choisir la langue utilis\u00e9e pour la formation.<\/p>\n<h3>Dates des sessions publiques en pr\u00e9sentiel<\/h3>\n<p><small><\/p>\n<table class=\"content\">\n<tr>\n<th style=\"width: 15%\">Type<\/th>\n<th style=\"width: 12%\">Dates<\/th>\n<th style=\"width: 13%\">Horaires<\/th>\n<th style=\"width: 9%\">Dur\u00e9e<\/th>\n<th style=\"width: 9%\">Lieu<\/th>\n<th style=\"width: 8%\">Langue<\/th>\n<th style=\"width: 12%\">Formateur<br \/>pr\u00e9vu<\/th>\n<th style=\"width: 18%\">Co\u00fbt et inscription<\/th>\n<\/tr>\n<td colspan=\"8\">\n<i>Des sessions suppl\u00e9mentaires \u00e0 des dates ult\u00e9rieures seront annonc\u00e9es progressivement. Nous annon\u00e7ons en g\u00e9n\u00e9ral de nouvelles sessions lorsque les sessions existantes sont compl\u00e8tes ou pass\u00e9es.<\/i>\n<\/td>\n<\/table>\n<p><\/small><\/p>\n<p><small><sup>*<\/sup>Le prix affich\u00e9 est hors TVA. La formation \u00e9tant anim\u00e9e en France, la TVA fran\u00e7aise s&rsquo;appliquera quelque soit l&rsquo;origine des participants.<\/small><\/p>\n<p>Le tarif r\u00e9duit est appliqu\u00e9 selon les conditions suivantes:<\/p>\n<ul>\n<li>R\u00e9servation au minimum 2 mois avant le d\u00e9but de la session de formation<\/li>\n<li>R\u00e9servation et paiement en ligne par carte de cr\u00e9dit sur notre site de vente en ligne<\/li>\n<li>Limite \u00e0 6 places au tarif r\u00e9duit par session de formation<\/li>\n<\/ul>\n<p>Si vous n&rsquo;avez pas la possibilit\u00e9 de vous inscrire via notre site de vente en ligne, n&rsquo;h\u00e9sitez pas \u00e0 <a href=\"mailto:training@bootlin.com\">nous contacter<\/a>, nous pourrons vous proposer une convention de formation et d&rsquo;autres solutions de paiement.<\/p>\n<p>Les inscriptions restent ouvertes sur notre site de vente en ligne jusqu&rsquo;au 1 semaine avant le d\u00e9but de la session, sous r\u00e9serve des places disponibles.<\/p>\n<h3>D\u00e9tails d&rsquo;organisation<\/h3>\n<p>La formation est organis\u00e9e \u00e0 l&rsquo;h\u00f4tel <a href=\"https:\/\/maps.app.goo.gl\/vr3LE7YSQ6uf9cMJA\">Ibis Lyon Sud Oullins<\/a>, qui se trouve \u00e0 distance franchissable \u00e0 pied de la station de m\u00e9tro <a href=\"https:\/\/www.tcl.fr\/lignes\/metro-b\">Gare d&rsquo;Oullins<\/a> du r\u00e9seau de transport de Lyon. L&rsquo;a\u00e9roport le plus proche est <a href=\"https:\/\/www.lyonaeroports.com\/\">Lyon Saint Exupery (LYS)<\/a> et la gare principale la plus proche est <a href=\"https:\/\/www.garesetconnexions.sncf\/fr\/gares-services\/lyon-part-dieu\">Lyon Part Dieu<\/a>.<\/p>\n<p>Les participants doivent organiser par eux-m\u00eames leur d\u00e9placement jusqu&rsquo;au lieu de la formation et leur h\u00e9bergement (la formation se d\u00e9roule dans un h\u00f4tel qui peut \u00e9galement h\u00e9berger les participants). Nous recommandons fortement d&rsquo;arriver la veille du d\u00e9but de la formation. Le dernier jour de la formation, nous nous assurons d&rsquo;avoir couvert les sujets essentiels avant 16h, afin que les participants qui le souhaitent puissent repartir un peu plus t\u00f4t le dernier jour.<\/p>\n<h3>Questions et contact<\/h3>\n<p>Pour toute question, vous pouvez nous contacter par e-mail <a href=\"mailto:training&#64;bo&#111;&#116;&#108;&#105;&#110;.&#99;om\">tra&#105;n&#105;ng&#64;&#98;oo&#116;l&#105;&#110;&#46;&#99;&#111;&#109;<\/a> ou par t\u00e9l\u00e9phone au +33 484 258 096.<\/p>\n<p><i>Retour vers <a href=\"\/fr\/formation\/\">la description de nos formations<\/a>.<\/i><\/p>\n","protected":false},"excerpt":{"rendered":"<p>Bootlin organise une session de formation publique (inter-entreprise) en pr\u00e9sentiel dans ses locaux, ouverte \u00e0 l&rsquo;inscription de participants provenant de diverses soci\u00e9t\u00e9s. Les participants se d\u00e9placent pour la dur\u00e9e de la formation sur le lieu o\u00f9 Bootlin organise et anime la formation. Durant ces formations en pr\u00e9sentiel, le formateur de Bootlin d\u00e9livre les pr\u00e9sentations et &hellip; <a href=\"https:\/\/bootlin.com\/fr\/formation\/publique-presentiel\/\" class=\"more-link\">Continuer la lecture<span class=\"screen-reader-text\"> de &laquo;&nbsp;Sessions publiques en pr\u00e9sentiel&nbsp;&raquo;<\/span><\/a><\/p>\n","protected":false},"author":3,"featured_media":0,"parent":7,"menu_order":0,"comment_status":"closed","ping_status":"closed","template":"","meta":{"footnotes":""},"class_list":["post-6296","page","type-page","status-publish","hentry"],"_links":{"self":[{"href":"https:\/\/bootlin.com\/fr\/wp-json\/wp\/v2\/pages\/6296","targetHints":{"allow":["GET"]}}],"collection":[{"href":"https:\/\/bootlin.com\/fr\/wp-json\/wp\/v2\/pages"}],"about":[{"href":"https:\/\/bootlin.com\/fr\/wp-json\/wp\/v2\/types\/page"}],"author":[{"embeddable":true,"href":"https:\/\/bootlin.com\/fr\/wp-json\/wp\/v2\/users\/3"}],"replies":[{"embeddable":true,"href":"https:\/\/bootlin.com\/fr\/wp-json\/wp\/v2\/comments?post=6296"}],"version-history":[{"count":12,"href":"https:\/\/bootlin.com\/fr\/wp-json\/wp\/v2\/pages\/6296\/revisions"}],"predecessor-version":[{"id":6542,"href":"https:\/\/bootlin.com\/fr\/wp-json\/wp\/v2\/pages\/6296\/revisions\/6542"}],"up":[{"embeddable":true,"href":"https:\/\/bootlin.com\/fr\/wp-json\/wp\/v2\/pages\/7"}],"wp:attachment":[{"href":"https:\/\/bootlin.com\/fr\/wp-json\/wp\/v2\/media?parent=6296"}],"curies":[{"name":"wp","href":"https:\/\/api.w.org\/{rel}","templated":true}]}}